{"id":7,"date":"2023-07-25T16:27:02","date_gmt":"2023-07-25T14:27:02","guid":{"rendered":"https:\/\/www.piccoloprincipe.org\/inprimalinea\/blog\/"},"modified":"2024-07-21T16:22:56","modified_gmt":"2024-07-21T14:22:56","slug":"enti","status":"publish","type":"page","link":"https:\/\/www.piccoloprincipe.org\/inprimalinea\/?page_id=7","title":{"rendered":"Enti coinvolti"},"content":{"rendered":"\n<table style=\"border-collapse: collapse; width: 100%; height: 446px;\">\n<tbody>\n<tr style=\"height: 69px;\">\n<td style=\"width: 36.4285%; vertical-align: top; height: 69px;\">\n<h3><strong>Ente promotore<\/strong><\/h3>\n<\/td>\n<td style=\"width: 63.5715%; vertical-align: top; height: 69px;\">&nbsp;<\/td>\n<\/tr>\n<tr style=\"height: 377px;\">\n<td style=\"width: 36.4285%; vertical-align: top; height: 377px;\"><img loading=\"lazy\" decoding=\"async\" class=\"alignnone size-full wp-image-502\" src=\"https:\/\/www.piccoloprincipe.org\/inprimalinea\/wp-content\/uploads\/2024\/07\/PP-logo-principale.png\" alt=\"\" width=\"740\" height=\"177\" srcset=\"https:\/\/www.piccoloprincipe.org\/inprimalinea\/wp-content\/uploads\/2024\/07\/PP-logo-principale.png 740w, https:\/\/www.piccoloprincipe.org\/inprimalinea\/wp-content\/uploads\/2024\/07\/PP-logo-principale-300x72.png 300w\" sizes=\"auto, (max-width: 740px) 100vw, 740px\" \/><\/td>\n<td style=\"width: 63.5715%; vertical-align: top; height: 377px;\">\n<p><a href=\"https:\/\/www.piccoloprincipe.org\/\">Il Piccolo Principe Cooperativa Sociale&nbsp;<\/a><\/p>\n<p>Ente gestore dello S.M.I. Il Piccolo Principe, Servizio Multidisciplinare Integrato, accreditato dal 15\/03\/2018 in Regione Lombardia, con esperienza pluriennale nella progettazione e forte<br>radicamento nel territorio. Apporta competenze specifiche in merito al settore delle dipendenze, nella realizzazione di interventi formativi, nell\u2019attivazione di processi partecipativi, in azioni di riduzione dei rischi. Ha anche in essere progettualit\u00e0 rivolte ai giovani, all\u2019intercettazione precoce e alla presa in carico di situazioni di grave marginalit\u00e0 nel territorio coinvolto<\/p>\n<\/td>\n<\/tr>\n<\/tbody>\n<\/table>\n\n\n\n<p>&nbsp;<\/p>\n<table style=\"height: 1464px; width: 100%; border-collapse: collapse; border-style: dotted; border-color: #f0f0f0;\">\n<tbody>\n<tr style=\"height: 69px;\">\n<td style=\"width: 34.8809%; vertical-align: top; height: 69px;\">\n<h3><strong>Enti Partner<\/strong><\/h3>\n<\/td>\n<td style=\"width: 65.1191%; vertical-align: top; height: 69px;\">&nbsp;<\/td>\n<\/tr>\n<tr style=\"height: 752px;\">\n<td style=\"width: 34.8809%; height: 752px; text-align: center; vertical-align: top;\">\n<p><img loading=\"lazy\" decoding=\"async\" class=\"alignnone wp-image-512\" src=\"https:\/\/www.piccoloprincipe.org\/inprimalinea\/wp-content\/uploads\/2024\/07\/ambito-seriate-RGB.png\" alt=\"\" width=\"98\" height=\"80\" srcset=\"https:\/\/www.piccoloprincipe.org\/inprimalinea\/wp-content\/uploads\/2024\/07\/ambito-seriate-RGB.png 543w, https:\/\/www.piccoloprincipe.org\/inprimalinea\/wp-content\/uploads\/2024\/07\/ambito-seriate-RGB-300x244.png 300w\" sizes=\"auto, (max-width: 98px) 100vw, 98px\" \/>&nbsp; &nbsp;<\/p>\n<p>&nbsp;<img loading=\"lazy\" decoding=\"async\" class=\"alignnone wp-image-511\" src=\"https:\/\/www.piccoloprincipe.org\/inprimalinea\/wp-content\/uploads\/2024\/07\/Ambito-grumello.jpg\" alt=\"\" width=\"85\" height=\"80\"><img loading=\"lazy\" decoding=\"async\" class=\"alignnone wp-image-514\" src=\"https:\/\/www.piccoloprincipe.org\/inprimalinea\/wp-content\/uploads\/2024\/07\/AMBITO-VALCAVALLINA.png\" alt=\"\" width=\"216\" height=\"80\"><img loading=\"lazy\" decoding=\"async\" class=\"alignnone wp-image-510\" src=\"https:\/\/www.piccoloprincipe.org\/inprimalinea\/wp-content\/uploads\/2024\/07\/Ambito-Basso-Sebino.png\" alt=\"\" width=\"153\" height=\"80\" srcset=\"https:\/\/www.piccoloprincipe.org\/inprimalinea\/wp-content\/uploads\/2024\/07\/Ambito-Basso-Sebino.png 365w, https:\/\/www.piccoloprincipe.org\/inprimalinea\/wp-content\/uploads\/2024\/07\/Ambito-Basso-Sebino-300x157.png 300w\" sizes=\"auto, (max-width: 153px) 100vw, 153px\" \/><\/p>\n<p><img loading=\"lazy\" decoding=\"async\" class=\"alignnone wp-image-509\" src=\"https:\/\/www.piccoloprincipe.org\/inprimalinea\/wp-content\/uploads\/2024\/07\/Ambito-Alto-Sebino.png\" alt=\"\" width=\"161\" height=\"80\" srcset=\"https:\/\/www.piccoloprincipe.org\/inprimalinea\/wp-content\/uploads\/2024\/07\/Ambito-Alto-Sebino.png 364w, https:\/\/www.piccoloprincipe.org\/inprimalinea\/wp-content\/uploads\/2024\/07\/Ambito-Alto-Sebino-300x149.png 300w\" sizes=\"auto, (max-width: 161px) 100vw, 161px\" \/><\/p>\n<p><img loading=\"lazy\" decoding=\"async\" class=\"alignnone wp-image-513\" src=\"https:\/\/www.piccoloprincipe.org\/inprimalinea\/wp-content\/uploads\/2024\/07\/Ambito-Val-seriana.png\" alt=\"\" width=\"143\" height=\"80\" srcset=\"https:\/\/www.piccoloprincipe.org\/inprimalinea\/wp-content\/uploads\/2024\/07\/Ambito-Val-seriana.png 595w, https:\/\/www.piccoloprincipe.org\/inprimalinea\/wp-content\/uploads\/2024\/07\/Ambito-Val-seriana-300x168.png 300w\" sizes=\"auto, (max-width: 143px) 100vw, 143px\" \/><\/p>\n<p><img loading=\"lazy\" decoding=\"async\" class=\"alignnone wp-image-517\" src=\"https:\/\/www.piccoloprincipe.org\/inprimalinea\/wp-content\/uploads\/2024\/07\/Valseriana-superiore.png\" alt=\"\" width=\"137\" height=\"100\"><\/p>\n<\/td>\n<td style=\"width: 65.1191%; vertical-align: top; height: 752px;\">\n<ul>\n<li><a href=\"https:\/\/www.ambitodiseriate.it\/servizi\/notizie\/notizie_homepage.aspx\">Comune di Seriate: Ente capofila dell\u2019Ambito di Seriate<\/a><\/li>\n<li><a href=\"https:\/\/www.comune.bolgare.bg.it\/ambito-grumello-del-monte\">Comune di Bolgare, ente capofila dell\u2019Ambito di Grumello del Monte<\/a><\/li>\n<li><a href=\"https:\/\/www.consorzioservizi.valcavallina.bg.it\/\">Consorzio Servizi Val Cavallina, ente capofila dell\u2019Ambito Val Cavallina<\/a><\/li>\n<li><a href=\"https:\/\/www.cmlaghi.bg.it\/\">Comunit\u00e0 Montana dei Laghi Bergamaschi, ente capofila degli Ambiti: Bronzone-Basso Sebino&nbsp; e Alto Sebino<\/a><\/li>\n<li><a href=\"https:\/\/www.comune.albino.bg.it\/it\">Comune di Albino, ente capofila dell\u2019 Ambito Valle Seriana<\/a><\/li>\n<li><a href=\"https:\/\/www.comune.clusone.bg.it\/it\/page\/ambito-distrettuale-della-valle-seriana-superiore-e-valle-di-scalve\">Comune di Clusone, ente capofila Ambito Val Seriana Sup. e Val di Scalve<\/a><\/li>\n<\/ul>\n<p>Ambiti territoriali afferenti all\u2019area Est della provincia di Bergamo, costituiti complessivamente da 103 comuni.<\/p>\n<ul>\n<li>Esperienze specifiche nella gestione di:<\/li>\n<li>Servizi Sociali territoriali<\/li>\n<li>Servizi Tutela Minori<\/li>\n<li>Gestione di servizi \/opportunit\u00e0 di inclusione attiva e sostegno al reddito<\/li>\n<li>Progetti e interventi volti a favorire protagonismo giovanile<br>e cittadinanza attiva<\/li>\n<li>Apporto di letture e analisi dei bisogni e delle opportunit\u00e0 dei singoli territori<\/li>\n<\/ul>\n<\/td>\n<\/tr>\n<tr style=\"height: 183px;\">\n<td style=\"width: 34.8809%; vertical-align: top; height: 183px; text-align: center;\"><img loading=\"lazy\" decoding=\"async\" class=\"wp-image-515 aligncenter\" src=\"https:\/\/www.piccoloprincipe.org\/inprimalinea\/wp-content\/uploads\/2024\/07\/ASST-Bergamo-EST.png\" alt=\"\" width=\"213\" height=\"110\" srcset=\"https:\/\/www.piccoloprincipe.org\/inprimalinea\/wp-content\/uploads\/2024\/07\/ASST-Bergamo-EST.png 2319w, https:\/\/www.piccoloprincipe.org\/inprimalinea\/wp-content\/uploads\/2024\/07\/ASST-Bergamo-EST-300x156.png 300w, https:\/\/www.piccoloprincipe.org\/inprimalinea\/wp-content\/uploads\/2024\/07\/ASST-Bergamo-EST-1024x532.png 1024w, https:\/\/www.piccoloprincipe.org\/inprimalinea\/wp-content\/uploads\/2024\/07\/ASST-Bergamo-EST-768x399.png 768w, https:\/\/www.piccoloprincipe.org\/inprimalinea\/wp-content\/uploads\/2024\/07\/ASST-Bergamo-EST-1536x797.png 1536w, https:\/\/www.piccoloprincipe.org\/inprimalinea\/wp-content\/uploads\/2024\/07\/ASST-Bergamo-EST-2048x1063.png 2048w\" sizes=\"auto, (max-width: 213px) 100vw, 213px\" \/><\/td>\n<td style=\"width: 65.1191%; vertical-align: top; height: 183px;\">\n<p><a href=\"https:\/\/www.asst-bergamoest.it\/it\">ASST Bergamo Est<\/a><\/p>\n<p>Azienda socio sanitaria territoriale, con territorio di riferimento coincidente con quello del progetto. Ente gestore dei seguenti servizi: &#8211; Ser.D &#8211; Consultori Familiari \u2013 CPS &#8211; Case della Comunit\u00e0<\/p>\n<\/td>\n<\/tr>\n<tr style=\"height: 345px;\">\n<td style=\"width: 34.8809%; vertical-align: top; height: 345px; text-align: center;\"><img loading=\"lazy\" decoding=\"async\" class=\"wp-image-507 alignnone\" src=\"https:\/\/www.piccoloprincipe.org\/inprimalinea\/wp-content\/uploads\/2024\/07\/don-Monticelli.png\" alt=\"\" width=\"253\" height=\"138\" srcset=\"https:\/\/www.piccoloprincipe.org\/inprimalinea\/wp-content\/uploads\/2024\/07\/don-Monticelli.png 355w, https:\/\/www.piccoloprincipe.org\/inprimalinea\/wp-content\/uploads\/2024\/07\/don-Monticelli-300x164.png 300w\" sizes=\"auto, (max-width: 253px) 100vw, 253px\" \/><\/td>\n<td style=\"width: 65.1191%; vertical-align: top; height: 345px;\">\n<p><a href=\"https:\/\/www.comunitaemmaus.it\/chi-siamo\/#1620215124509-2ac284a9-88c0\">Don Giuseppe Monticelli Societ\u00e0 Cooperativa<\/a><\/p>\n<p>Cooperativa attiva da 2020, in continuit\u00e0 con percorso di Ass. \u201cComunit\u00e0 Emmaus\u201d, ente di volontariato attivo dal 1976.&nbsp; Esperienza in interventi di prevenzione, screening, diagnosi, accompagnamento alla cura, ascolto e sostegno personalizzato,&nbsp; accoglienza di persone particolarmente fragili, in relazione al 0tema HIV\/AIDS, campagne di&nbsp; sensibilizzazione, eventi. Ente partner di progetti rivolti alla grave marginalit\u00e0 nel comune di Bergamo nel contesto della Rete Bergamo Fast-track City&nbsp;<\/p>\n<\/td>\n<\/tr>\n<tr style=\"height: 46px;\">\n<td style=\"width: 34.8809%; vertical-align: top; height: 46px; text-align: center;\">\n<p><img loading=\"lazy\" decoding=\"async\" class=\" wp-image-505\" src=\"https:\/\/www.piccoloprincipe.org\/inprimalinea\/wp-content\/uploads\/2024\/07\/PRogettazione-LOGO-UFFICIALE-scaled.jpg\" alt=\"\" width=\"210\" height=\"110\" srcset=\"https:\/\/www.piccoloprincipe.org\/inprimalinea\/wp-content\/uploads\/2024\/07\/PRogettazione-LOGO-UFFICIALE-scaled.jpg 2560w, https:\/\/www.piccoloprincipe.org\/inprimalinea\/wp-content\/uploads\/2024\/07\/PRogettazione-LOGO-UFFICIALE-300x157.jpg 300w, https:\/\/www.piccoloprincipe.org\/inprimalinea\/wp-content\/uploads\/2024\/07\/PRogettazione-LOGO-UFFICIALE-1024x537.jpg 1024w, https:\/\/www.piccoloprincipe.org\/inprimalinea\/wp-content\/uploads\/2024\/07\/PRogettazione-LOGO-UFFICIALE-768x403.jpg 768w, https:\/\/www.piccoloprincipe.org\/inprimalinea\/wp-content\/uploads\/2024\/07\/PRogettazione-LOGO-UFFICIALE-1536x806.jpg 1536w, https:\/\/www.piccoloprincipe.org\/inprimalinea\/wp-content\/uploads\/2024\/07\/PRogettazione-LOGO-UFFICIALE-2048x1075.jpg 2048w\" sizes=\"auto, (max-width: 210px) 100vw, 210px\" \/><\/p>\n<\/td>\n<td style=\"width: 65.1191%; vertical-align: top; height: 46px;\">\n<p><a href=\"https:\/\/www.cooperativaprogettazione.it\/\">Cooperativa Progettazione<\/a><\/p>\n<p>Impresa sociale, ONLUS e cooperativa di tipo A e B. Tra i propri settori di intervento, la Cooperativa ha sviluppato particolari competenze nell\u2019area della mediazione culturale e intercultura,<br>sviluppando:<\/p>\n<ul>\n<li>Servizi Specialistici per minori stranieri<\/li>\n<li>Percorsi di Valutazione e riabilitazione per DSA di bambini e adolescenti stranieri<\/li>\n<li>&nbsp;Consulenze ai Servizi Sociali territoriali di Base<\/li>\n<li>Sostegno a minori e famiglie nel ricongiungimento familiare e inserimento scolastico<\/li>\n<li>&nbsp;Laboratori e cineforum con il gruppo classe per la sensibilizzazione all\u2019interculturalit\u00e0 e al dialogo.<\/li>\n<li>Collaborazioni con progetti di protagonismo giovanile&nbsp;<\/li>\n<\/ul>\n<\/td>\n<\/tr>\n<tr style=\"height: 23px;\">\n<td style=\"width: 34.8809%; vertical-align: top; height: 23px; text-align: center;\"><img loading=\"lazy\" decoding=\"async\" class=\"alignnone size-full wp-image-504\" src=\"https:\/\/www.piccoloprincipe.org\/inprimalinea\/wp-content\/uploads\/2024\/07\/impronta.png\" alt=\"\" width=\"1297\" height=\"367\" srcset=\"https:\/\/www.piccoloprincipe.org\/inprimalinea\/wp-content\/uploads\/2024\/07\/impronta.png 1297w, https:\/\/www.piccoloprincipe.org\/inprimalinea\/wp-content\/uploads\/2024\/07\/impronta-300x85.png 300w, https:\/\/www.piccoloprincipe.org\/inprimalinea\/wp-content\/uploads\/2024\/07\/impronta-1024x290.png 1024w, https:\/\/www.piccoloprincipe.org\/inprimalinea\/wp-content\/uploads\/2024\/07\/impronta-768x217.png 768w\" sizes=\"auto, (max-width: 1297px) 100vw, 1297px\" \/><\/td>\n<td style=\"width: 65.1191%; vertical-align: top; height: 23px;\">\n<p><a href=\"https:\/\/www.coopimpronta.it\/\">Cooperativa L\u2019Impronta<\/a><\/p>\n<p>Cooperativa sociale, nata a Seriate nel 1992. Lavora nell\u2019area territoriale di riferimento del progetto prevalentemente in 3 aree di intervento: Area Minori e Famiglia, Disabilit\u00e0, Adulti e Anziani. Ha in essere nell\u2019Ambito di Seriate, con altri partner Progetti Giovani (volti a valorizzare il protagonismo dei giovani coinvolgendoli in esperienze di cittadinanza attiva) e \u201cHub Informaorienta volto a supportare ragazzi e giovani nelle proprie scelte di vita e autorealizzazione.<\/p>\n<\/td>\n<\/tr>\n<tr style=\"height: 23px;\">\n<td style=\"width: 34.8809%; vertical-align: top; height: 23px; text-align: center;\"><img loading=\"lazy\" decoding=\"async\" class=\"alignnone size-full wp-image-508\" src=\"https:\/\/www.piccoloprincipe.org\/inprimalinea\/wp-content\/uploads\/2024\/07\/il-cantiere-coop-sociale.png\" alt=\"\" width=\"999\" height=\"448\" srcset=\"https:\/\/www.piccoloprincipe.org\/inprimalinea\/wp-content\/uploads\/2024\/07\/il-cantiere-coop-sociale.png 999w, https:\/\/www.piccoloprincipe.org\/inprimalinea\/wp-content\/uploads\/2024\/07\/il-cantiere-coop-sociale-300x135.png 300w, https:\/\/www.piccoloprincipe.org\/inprimalinea\/wp-content\/uploads\/2024\/07\/il-cantiere-coop-sociale-768x344.png 768w\" sizes=\"auto, (max-width: 999px) 100vw, 999px\" \/><\/td>\n<td style=\"width: 65.1191%; vertical-align: top; height: 23px;\">\n<p><a href=\"https:\/\/www.ilcantiere.org\/\"><span style=\"font-weight: 400;\">Cooperativa Il Cantiere<\/span><\/a><\/p>\n<p><span style=\"font-weight: 400;\">Cooperativa Sociale di tipo A, nata nel 1984, che opera prevalentemente nel territorio della Media Valle Seriana e Basso Sebino. La Cooperativa ha definito la sua mission <\/span><span style=\"font-weight: 400;\">nello sviluppo di proposte educative indirizzate a minori, adolescenti e giovani <\/span><span style=\"font-weight: 400;\">per favorirne la crescita e prevenire ogni forma di disagio. Persegue il suo <\/span><span style=\"font-weight: 400;\">scopo sviluppando competenze pedagogiche attraverso l\u2019interscambio <\/span><span style=\"font-weight: 400;\">quotidiano con ragazzi ed adulti. Ha maturato profonda conoscenza del territorio e dei bisogni socio educativi della comunit\u00e0, costruendo relazioni sinergiche e di partnership con enti <\/span><span style=\"font-weight: 400;\">locali e del terzo settore.<\/span><\/p>\n<\/td>\n<\/tr>\n<tr style=\"height: 23px;\">\n<td style=\"width: 34.8809%; vertical-align: top; height: 23px; text-align: center;\"><img loading=\"lazy\" decoding=\"async\" class=\"alignnone  wp-image-503\" src=\"https:\/\/www.piccoloprincipe.org\/inprimalinea\/wp-content\/uploads\/2024\/07\/coop-sottosopra.png\" alt=\"\" width=\"213\" height=\"222\" srcset=\"https:\/\/www.piccoloprincipe.org\/inprimalinea\/wp-content\/uploads\/2024\/07\/coop-sottosopra.png 344w, https:\/\/www.piccoloprincipe.org\/inprimalinea\/wp-content\/uploads\/2024\/07\/coop-sottosopra-287x300.png 287w\" sizes=\"auto, (max-width: 213px) 100vw, 213px\" \/><\/td>\n<td style=\"width: 65.1191%; vertical-align: top; height: 23px;\">\n<p><a href=\"http:\/\/www.cooperativasottosopra.it\/site\/index.php\"><span style=\"font-weight: 400;\">Cooperativa Sottosopra<\/span><\/a><\/p>\n<p><span style=\"font-weight: 400;\">Cooperativa sociale nata nel 2001, fortemente radicata nell\u2019Ambito Valle Seriana Superiore e Val di Scalve, dove&nbsp; <\/span><span style=\"font-weight: 400;\">ha maturato&nbsp; esperienza nella gestione di progetti rivolti a giovani e minori, di progetti di prevenzione delle dipendenze: interventi di formazione, di animazione, di educativa di strada volti a favorire e valorizzare l\u2019aggregazione giovanile, esperienze di incontro interculturale, cos\u00ec come percorsi di prevenzione al disagio minorile e adolescenziale. La collaborazione con Enti Locali e realt\u00e0 dell\u2019associazionismo ha inoltre portato alla realizzazione di numerosi interventi e progetti, dalla <\/span><span style=\"font-weight: 400;\">formazione per genitori, animatori e volontari, all\u2019animazione di alcune biblioteche comunali e animazione di parchi.<\/span><\/p>\n<\/td>\n<\/tr>\n<\/tbody>\n<\/table>\n\n\n\n<p>\u00a0<\/p>\n<h3>La rete<\/h3>\n<table style=\"height: 342px; width: 100%; border-collapse: collapse; border-style: dotted; border-color: #f0f0f0;\">\n<tbody>\n<tr>\n<td style=\"width: 34.8809%; height: 10px; vertical-align: top; text-align: left;\"><span style=\"font-weight: 400;\">ATS BERGAMO<\/span><\/td>\n<td style=\"width: 65.1191%; vertical-align: top; height: 10px;\">\n<p><span style=\"font-weight: 400;\">\u201cReferente scientifico\u201d, con ruolo di favorire il raccordo tra le iniziative di riduzione dei rischi e tra le stesse e gli interventi di prevenzione universale, selettiva, indicata e ambientale attive a livello provinciale<\/span><b>, <\/b><span style=\"font-weight: 400;\">favorire adozione di interventi e strumenti evidence based, collaborare alla valutazione.<\/span><\/p>\n<\/td>\n<\/tr>\n<tr style=\"height: 183px;\">\n<td style=\"width: 34.8809%; vertical-align: top; height: 10px;\"><span style=\"font-weight: 400;\">COOPERATIVE SOCIALI DI TIPO A CON ESPERIENZE ATTIVE NELL\u2019AREA DELLA RIDUZIONE DEL DANNO E DEI RISCHI<\/span><\/td>\n<td style=\"width: 65.1191%; vertical-align: top; height: 10px;\">\n<ul>\n<li aria-level=\"1\"><span style=\"font-weight: 400;\">Cooperativa AEPER<\/span><span style=\"font-weight: 400;\">, ente titolare di proposta progettuale sul presente Avviso nell\u2019area territoriale ex Distretto di Bergamo.<\/span><\/li>\n<li aria-level=\"1\"><span style=\"font-weight: 400;\">Cooperativa AERIS,<\/span><span style=\"font-weight: 400;\"> ente titolare di proposta progettuale sul presente Avviso nell\u2019area territoriale Ambiti Isola Bergamasca e Dalmine;<\/span><\/li>\n<li aria-level=\"1\"><span style=\"font-weight: 400;\">Cooperativa di Bessimo<\/span><span style=\"font-weight: 400;\">, ente attivo in provincia nella gestione di interventi di riduzione del rischio nel territorio Ambito di Treviglio e Valle Camonica. Titolare di servizi di riduzione del danno nel territorio di Bergamo.<\/span><\/li>\n<\/ul>\n<\/td>\n<\/tr>\n<tr style=\"height: 345px;\">\n<td style=\"width: 34.8809%; vertical-align: top; height: 10px;\"><span style=\"font-weight: 400;\">COOPERATIVE SOCIALI DI TIPO A, <\/span><\/td>\n<td style=\"width: 65.1191%; vertical-align: top; height: 10px;\">\n<p><span style=\"font-weight: 400;\">Si tratta di realt\u00e0 fortemente radicate in alcuni Ambiti territoriali coinvolti e attive in progetti volti al coinvolgimento della comunit\u00e0 educante, nel protagonismo giovanile, nello sviluppo di comunit\u00e0<\/span><b>, in interventi di orientamento rivolto a ragazzi e giovani<\/b><span style=\"font-weight: 400;\">. In particolare:<\/span><\/p>\n<ul>\n<li aria-level=\"1\"><span style=\"font-weight: 400;\">Cooperativa Sebina<\/span><span style=\"font-weight: 400;\">, nell\u2019Ambito Alto Sebino<\/span><b>;<\/b><\/li>\n<li aria-level=\"1\"><span style=\"font-weight: 400;\">Cooperativa Crisalide<\/span><span style=\"font-weight: 400;\">, nell\u2019Ambito Valle Cavallina;<\/span><\/li>\n<li aria-level=\"1\"><span style=\"font-weight: 400;\">Coop Spazio Giovani<\/span><span style=\"font-weight: 400;\">, nell\u2019Ambito Basso Sebino.<\/span><\/li>\n<\/ul>\n<p><span style=\"font-weight: 400;\">La loro adesione alla rete <\/span><b>favor<\/b><span style=\"font-weight: 400;\">isce il coinvolgimento di contesti territoriali, stakeholders e opinion leaders locali, <\/span><b>la realizzazione di interventi di inclusione sociale, <\/b><span style=\"font-weight: 400;\">la disseminazione degli interventi e degli esiti<\/span><span style=\"font-weight: 400;\">.<\/span><b>\u00a0<\/b><\/p>\n<\/td>\n<\/tr>\n<tr style=\"height: 46px;\">\n<td style=\"width: 34.8809%; vertical-align: top; height: 10px;\"><span style=\"font-weight: 400;\">ISTITUTI SCOLASTICI E PROFESSIONALI<\/span><\/td>\n<td style=\"width: 65.1191%; vertical-align: top; height: 10px;\">\n<ul>\n<li aria-level=\"1\"><span style=\"font-weight: 400;\">ABF<\/span><span style=\"font-weight: 400;\"> (n. 3 sedi)<\/span><\/li>\n<li aria-level=\"1\"><span style=\"font-weight: 400;\">Istituto Sacra Famiglia (n. 1 sede) <\/span><\/li>\n<li aria-level=\"1\"><span style=\"font-weight: 400;\">Patronato San Vincenzo (n. 2 sedi) <\/span><\/li>\n<li aria-level=\"1\"><span style=\"font-weight: 400;\">Scuola Edile (1 sede)<\/span><\/li>\n<\/ul>\n<\/td>\n<\/tr>\n<tr style=\"height: 23px;\">\n<td style=\"width: 34.8809%; vertical-align: top; height: 23px;\"><span style=\"font-weight: 400;\">PARROCCHE E ORATORI<\/span><\/td>\n<td style=\"width: 65.1191%; vertical-align: top; height: 23px;\">\n<ul>\n<li><span style=\"font-weight: 400;\">Parrocchia di Seriate (Ambito di Seriate); <\/span><\/li>\n<li><span style=\"font-weight: 400;\">Parrocchia di Bolgare, Cividino, Mornico al Serio, Grumello del Monte (Ambito di Grumello del Monte), <\/span><\/li>\n<li><span style=\"font-weight: 400;\">Parrocchia di Bossico (Ambito Alto Sebino), <\/span><\/li>\n<li><span style=\"font-weight: 400;\">Oratorio di Clusone (Valle Seriana Superiore e Val di Scalve)<\/span><\/li>\n<\/ul>\n<\/td>\n<\/tr>\n<tr style=\"height: 23px;\">\n<td style=\"width: 34.8809%; vertical-align: top; height: 23px;\"><span style=\"font-weight: 400;\">COOPERATIVE DI TIPO B<\/span><\/td>\n<td style=\"width: 65.1191%; vertical-align: top; height: 23px;\">\n<ul>\n<li><span style=\"font-weight: 400;\">Cooperativa Calimero<\/span><\/li>\n<\/ul>\n<\/td>\n<\/tr>\n<tr style=\"height: 23px;\">\n<td style=\"width: 34.8809%; vertical-align: top; height: 23px;\"><span style=\"font-weight: 400;\">ASSOCIAZIONI VOLTE AL SUPPORTO A PERSONE IN CONDIZIONE DI FRAGILIT\u00c0 E POVERT\u00c0<\/span><\/td>\n<td style=\"width: 65.1191%; vertical-align: top; height: 23px;\">\n<ul>\n<li>\u00a0<span style=\"font-weight: 400;\">Associazione Farsi Prossimo Onlus<\/span><\/li>\n<li><span style=\"font-weight: 400;\">Il Buon Samaritano<\/span><\/li>\n<\/ul>\n<\/td>\n<\/tr>\n<tr style=\"height: 165px;\">\n<td style=\"width: 34.8809%; vertical-align: top; height: 165px;\"><span style=\"font-weight: 400;\">LOCALI DEL DIVERTIMENTO SERALE E NOTTURNO<\/span><\/td>\n<td style=\"width: 65.1191%; vertical-align: top; height: 165px;\">\n<ul>\n<li><span style=\"font-weight: 400;\">Discoteca Oronero<\/span><span style=\"font-weight: 400;\"> (Nembro-Ambito Valle Seriana), <\/span><\/li>\n<li><span style=\"font-weight: 400;\">Discoteca Life<\/span><span style=\"font-weight: 400;\"> (Rovetta, Ambito Valle Seriana Sup. e Val di Scalve),<\/span><\/li>\n<li><span style=\"font-weight: 400;\">Vog Club<\/span><span style=\"font-weight: 400;\"> (Seriate)<\/span><\/li>\n<\/ul>\n<\/td>\n<\/tr>\n<tr style=\"height: 68px;\">\n<td style=\"width: 34.8809%; vertical-align: top; height: 68px;\"><span style=\"font-weight: 400;\">ENTE PROMOTORE DI FESTE ED EVENTI<\/span><\/td>\n<td style=\"width: 65.1191%; vertical-align: top; height: 68px;\">\n<ul>\n<li><span style=\"font-weight: 400;\">Proloco Monasterolo del Castello <\/span>(Ambito Val Cavallina)<\/li>\n<\/ul>\n<\/td>\n<\/tr>\n<\/tbody>\n<\/table>\n\n\n\n\n\n\n","protected":false},"excerpt":{"rendered":"<p>Ente promotore &nbsp; Il Piccolo Principe Cooperativa Sociale&nbsp; Ente gestore dello S.M.I. Il Piccolo Principe, Servizio Multidisciplinare Integrato, accreditato dal 15\/03\/2018 in Regione Lombardia, con esperienza pluriennale nella progettazione e forteradicamento nel territorio. Apporta competenze specifiche in merito al settore delle dipendenze, nella realizzazione di interventi formativi, nell\u2019attivazione di processi partecipativi, in azioni di riduzione<\/p><\/div>\n<div class=\"blog-btn\"><a href=\"https:\/\/www.piccoloprincipe.org\/inprimalinea\/?page_id=7\" class=\"home-blog-btn\">Leggi tutto<\/a><\/p>\n","protected":false},"author":1,"featured_media":0,"parent":53,"menu_order":0,"comment_status":"closed","ping_status":"closed","template":"","meta":{"footnotes":""},"class_list":["post-7","page","type-page","status-publish","hentry"],"_links":{"self":[{"href":"https:\/\/www.piccoloprincipe.org\/inprimalinea\/index.php?rest_route=\/wp\/v2\/pages\/7","targetHints":{"allow":["GET"]}}],"collection":[{"href":"https:\/\/www.piccoloprincipe.org\/inprimalinea\/index.php?rest_route=\/wp\/v2\/pages"}],"about":[{"href":"https:\/\/www.piccoloprincipe.org\/inprimalinea\/index.php?rest_route=\/wp\/v2\/types\/page"}],"author":[{"embeddable":true,"href":"https:\/\/www.piccoloprincipe.org\/inprimalinea\/index.php?rest_route=\/wp\/v2\/users\/1"}],"replies":[{"embeddable":true,"href":"https:\/\/www.piccoloprincipe.org\/inprimalinea\/index.php?rest_route=%2Fwp%2Fv2%2Fcomments&post=7"}],"version-history":[{"count":9,"href":"https:\/\/www.piccoloprincipe.org\/inprimalinea\/index.php?rest_route=\/wp\/v2\/pages\/7\/revisions"}],"predecessor-version":[{"id":544,"href":"https:\/\/www.piccoloprincipe.org\/inprimalinea\/index.php?rest_route=\/wp\/v2\/pages\/7\/revisions\/544"}],"up":[{"embeddable":true,"href":"https:\/\/www.piccoloprincipe.org\/inprimalinea\/index.php?rest_route=\/wp\/v2\/pages\/53"}],"wp:attachment":[{"href":"https:\/\/www.piccoloprincipe.org\/inprimalinea\/index.php?rest_route=%2Fwp%2Fv2%2Fmedia&parent=7"}],"curies":[{"name":"wp","href":"https:\/\/api.w.org\/{rel}","templated":true}]}}